{"id":21030,"date":"2025-06-07T18:23:20","date_gmt":"2025-06-07T16:23:20","guid":{"rendered":"https:\/\/www.lepicerieduphare.fr\/accueil\/?post_type=product&#038;p=21030"},"modified":"2025-06-07T18:28:40","modified_gmt":"2025-06-07T16:28:40","slug":"pate-a-tartiner-dubai-style-250g-pistache-feuilletine","status":"publish","type":"product","link":"https:\/\/www.lepicerieduphare.fr\/accueil\/produit\/chocolat-brest-idee-cadeaux\/pate-a-tartiner-dubai-style-250g-pistache-feuilletine\/","title":{"rendered":"P\u00e2te \u00e0 tartiner Duba\u00ef Style &#8211; 250g &#8211; Pistache Feuilletine &#8211;"},"content":{"rendered":"<p><b>D\u00e9signation l\u00e9gale :\u00a0<\/b>P\u00e2te \u00e0 tartiner saveur pistache aux noisettes et biscuits finement \u00e9miett\u00e9s<\/p>\n<p><b>Ingr\u00e9dients :\u00a0<\/b>Sucre, graisses v\u00e9g\u00e9tales (huiles : tournesol, grignon d&#8217;olives, carthame et beurre de cacao), p\u00e2te de NOISETTES 19%, LAIT \u00e9cr\u00e9m\u00e9 en poudre, biscuit finement \u00e9miett\u00e9 5% (farine de BLE, sucre, mati\u00e8re grasse LAITi\u00e8re anhydre, sucre du LAIT, prot\u00e9ines de LAIT, sel, extrait de malt (ORGE), poudre \u00e0 lever : bicarbonate de sodium), \u00e9mulsifiant : l\u00e9cithine de SOJA, ar\u00f4me pistache 0,1%, colorants : E100, E141.<\/p>\n<p><b>Conservation :\u00a0<\/b>A conserver \u00e0 l&#8217;abri de la chaleur et de l&#8217;humidit\u00e9. Ne pas mettre au r\u00e9frig\u00e9rateur.<\/p>\n<p><b>Traces possibles :\u00a0<\/b>Peut contenir des traces d&#8217;arachides, d&#8217;autres fruits \u00e0 coque et d&#8217;\u0153ufs.<\/p>\n<p><span style=\"color: #ff0000;\">DISPONIBLE UNIQUEMENT SUR PLACE DANS VOS BOUTIQUES DE BREST QUIMPER LANESTER<\/span><\/p>\n<p>&nbsp;<\/p>\n<table class=\"nutrition-label\">\n<tbody>\n<tr>\n<td><b>Energie<\/b><\/td>\n<td><b>2351kJ<\/b>\u00a0\/\u00a0<b>564kcal<\/b><\/td>\n<\/tr>\n<tr>\n<td>Mati\u00e8res grasses<\/td>\n<td>35g<\/td>\n<\/tr>\n<tr>\n<td><span class=\"indent\">&#8211; dont AGS<\/span><\/td>\n<td>6g<\/td>\n<\/tr>\n<tr>\n<td>Glucides<\/td>\n<td>50g<\/td>\n<\/tr>\n<tr>\n<td><span class=\"indent\">&#8211; dont sucres<\/span><\/td>\n<td>48g<\/td>\n<\/tr>\n<tr>\n<td>Prot\u00e9ines<\/td>\n<td>10g<\/td>\n<\/tr>\n<tr>\n<td>Sel<\/td>\n<td>0g<\/td>\n<\/tr>\n<\/tbody>\n<\/table>\n","protected":false},"excerpt":{"rendered":"<p>Le Comptoir de Mathilde cr\u00e9e l\u2019\u00e9v\u00e9nement avec une p\u00e2te \u00e0 tartiner totalement exclusive<strong>\u00a0fa\u00e7on Duba\u00ef Style<\/strong>, inspir\u00e9e par la c\u00e9l\u00e8bre tendance qui fait frissonner les papilles ! \ud83c\udf6b<\/p>\n<p>D\u00e9couvrez-l\u00e0 dans un format \u00e0 tartiner pour un moment de pur plaisir. Une base onctueuse blanc noisette, une saveur pistache intense et des \u00e9clats croustillants de feuilletine, pour un moment de gourmandise m\u00e9morable. Le tout sans huile de palme et sans OGM, mais avec notre savoir-faire in\u00e9galable du Comptoir de Mathilde !<\/p>\n<p>Cette nouveaut\u00e9 s\u2019invite d\u00e9j\u00e0 dans toutes les conversations, et bient\u00f4t sur vos tartines, cr\u00eapes, ou simplement \u00e0 la petite cuill\u00e8re\u2026 \ud83d\ude0b<\/p>\n<p>Succombez \u00e0 la tendance venue tout droit de l&#8217;orient avec notre\u00a0<strong>p\u00e2te \u00e0 tartiner Pistache Feuilletine \u2013 Duba\u00ef Style<\/strong>.<\/p>\n<p>Onctueuse et ultra gourmande, elle marie l\u2019intensit\u00e9 de la\u00a0<strong>pistache<\/strong>\u00a0au croustillant<strong>\u00a0de la\u00a0<\/strong><strong>feuilletine<\/strong>, pour une texture unique et un go\u00fbt terriblement addictif.<\/p>\n<p>Comme toutes nos p\u00e2tes \u00e0 tartiner, elle est sans OGM ni huile de palme.<\/p>\n<p>\u00c0 d\u00e9guster \u00e0 la cuill\u00e8re, sur une cr\u00eape, une brioche ou en topping de dessert.<\/p>\n","protected":false},"featured_media":21033,"template":"","meta":{"_monsterinsights_skip_tracking":false,"_monsterinsights_sitenote_active":false,"_monsterinsights_sitenote_note":"","_monsterinsights_sitenote_category":0},"product_brand":[],"product_cat":[124],"product_tag":[],"class_list":{"0":"post-21030","1":"product","2":"type-product","3":"status-publish","4":"has-post-thumbnail","6":"product_cat-pates-a-tartiner","8":"first","9":"instock","10":"shipping-taxable","11":"purchasable","12":"product-type-simple"},"jetpack_sharing_enabled":true,"_links":{"self":[{"href":"https:\/\/www.lepicerieduphare.fr\/accueil\/wp-json\/wp\/v2\/product\/21030","targetHints":{"allow":["GET"]}}],"collection":[{"href":"https:\/\/www.lepicerieduphare.fr\/accueil\/wp-json\/wp\/v2\/product"}],"about":[{"href":"https:\/\/www.lepicerieduphare.fr\/accueil\/wp-json\/wp\/v2\/types\/product"}],"version-history":[{"count":4,"href":"https:\/\/www.lepicerieduphare.fr\/accueil\/wp-json\/wp\/v2\/product\/21030\/revisions"}],"predecessor-version":[{"id":21035,"href":"https:\/\/www.lepicerieduphare.fr\/accueil\/wp-json\/wp\/v2\/product\/21030\/revisions\/21035"}],"wp:featuredmedia":[{"embeddable":true,"href":"https:\/\/www.lepicerieduphare.fr\/accueil\/wp-json\/wp\/v2\/media\/21033"}],"wp:attachment":[{"href":"https:\/\/www.lepicerieduphare.fr\/accueil\/wp-json\/wp\/v2\/media?parent=21030"}],"wp:term":[{"taxonomy":"product_brand","embeddable":true,"href":"https:\/\/www.lepicerieduphare.fr\/accueil\/wp-json\/wp\/v2\/product_brand?post=21030"},{"taxonomy":"product_cat","embeddable":true,"href":"https:\/\/www.lepicerieduphare.fr\/accueil\/wp-json\/wp\/v2\/product_cat?post=21030"},{"taxonomy":"product_tag","embeddable":true,"href":"https:\/\/www.lepicerieduphare.fr\/accueil\/wp-json\/wp\/v2\/product_tag?post=21030"}],"curies":[{"name":"wp","href":"https:\/\/api.w.org\/{rel}","templated":true}]}}