{"id":18162,"date":"2020-04-13T15:00:15","date_gmt":"2020-04-13T13:00:15","guid":{"rendered":"https:\/\/www.lepicerieduphare.fr\/?post_type=product&#038;p=18162"},"modified":"2022-01-10T23:29:42","modified_gmt":"2022-01-10T22:29:42","slug":"papillote-3-tartinables-sales-3x30g-copie","status":"publish","type":"product","link":"https:\/\/www.lepicerieduphare.fr\/accueil\/produit\/chocolat-brest-idee-cadeaux\/papillote-3-tartinables-sales-3x30g-copie\/","title":{"rendered":"Coffret les Mathildettes Sal\u00e9es 4 x 30g"},"content":{"rendered":"<h1 class=\"h1\">Coffret les Mathildettes Sal\u00e9es 4 x 30g<\/h1>\n<div id=\"product-description-short\">\n<p>Coffret &#8221;<strong>Les<\/strong> <strong>Mathildettes<\/strong>&#8221; <strong>4<\/strong> <strong>saveurs<\/strong>.<br \/>\nD\u00e9couvrez un m\u00e9lange d\u00e9tonnant compos\u00e9 de 4\u00a0tartinables <strong>sal\u00e9es<\/strong>\u00a0dans cet \u00e9l\u00e9gant <strong>coffret<\/strong> <strong>gourmand<\/strong> :\u00a0<strong>\u00c9cras\u00e9<\/strong> de <strong>Pomme<\/strong> <strong>de<\/strong> <strong>terre<\/strong> \u00e0 la <strong>truffe<\/strong> <strong>brumale<\/strong> 1,1%, <strong>Tapenade<\/strong> de Mathilde, Duo de <strong>saumon<\/strong> \u00e0 la cr\u00e8me et <strong>citron<\/strong> <strong>vert<\/strong>, <strong>Pesto<\/strong> de <strong>tomates<\/strong> <strong>noix<\/strong> <strong>de<\/strong> <strong>cajou<\/strong>.<\/p>\n<p>La truffe brumale ? \u00c9galement appel\u00e9e, la truffe <strong>noire <\/strong>d&#8217;hiver, elle se r\u00e9colte en p\u00e9riode hivernale. Moins nervur\u00e9e que sa comp\u00e8re, ses saveurs restent intenses et rel\u00e8vent les notes de sous-bois dont elle provienT<\/p>\n<\/div>\n","protected":false},"excerpt":{"rendered":"<h1 class=\"h1\">Coffret les Mathildettes Sal\u00e9es 4 x 30g<\/h1>\n<div id=\"product-description-short\">\n<p>Coffret &#8221;<strong>Les<\/strong> <strong>Mathildettes<\/strong>&#8221; <strong>4<\/strong> <strong>saveurs<\/strong>.<br \/>\nD\u00e9couvrez un m\u00e9lange d\u00e9tonnant compos\u00e9 de 4\u00a0tartinables <strong>sal\u00e9es<\/strong>\u00a0dans cet \u00e9l\u00e9gant <strong>coffret<\/strong> <strong>gourmand<\/strong> :\u00a0<strong>\u00c9cras\u00e9<\/strong> de <strong>Pomme<\/strong> <strong>de<\/strong> <strong>terre<\/strong> \u00e0 la <strong>truffe<\/strong> <strong>brumale<\/strong> 1,1%, <strong>Tapenade<\/strong> de Mathilde, Duo de <strong>saumon<\/strong> \u00e0 la cr\u00e8me et <strong>citron<\/strong> <strong>vert<\/strong>, <strong>Pesto<\/strong> de <strong>tomates<\/strong> <strong>noix<\/strong> <strong>de<\/strong> <strong>cajou<\/strong>.<\/p>\n<p>La truffe brumale ? \u00c9galement appel\u00e9e, la truffe <strong>noire <\/strong>d&#8217;hiver, elle se r\u00e9colte en p\u00e9riode hivernale. Moins nervur\u00e9e que sa comp\u00e8re, ses saveurs restent intenses et rel\u00e8vent les notes de sous-bois dont elle provient.<\/p>\n<\/div>\n<p>&nbsp;<\/p>\n<p>&nbsp;<\/p>\n<p>&nbsp;<\/p>\n<div id=\"product-description-short\">\n<div id=\"vue-product-prices\" class=\"product-prices\">\n<div class=\"product-price h5 \"><\/div>\n<\/div>\n<div id=\"product-description-short\">\n<div id=\"product-description-short\">\n<div id=\"product-description-short\">\n<div id=\"product-description-short\">\n<div id=\"product-description-short\">\n<p>&nbsp;<\/p>\n<\/div>\n<\/div>\n<\/div>\n<\/div>\n<\/div>\n<\/div>\n","protected":false},"featured_media":18163,"template":"","meta":{"_monsterinsights_skip_tracking":false,"_monsterinsights_sitenote_active":false,"_monsterinsights_sitenote_note":"","_monsterinsights_sitenote_category":0},"product_brand":[],"product_cat":[120],"product_tag":[],"class_list":{"0":"post-18162","1":"product","2":"type-product","3":"status-publish","4":"has-post-thumbnail","6":"product_cat-apero","8":"first","9":"instock","10":"shipping-taxable","11":"purchasable","12":"product-type-simple"},"jetpack_sharing_enabled":true,"_links":{"self":[{"href":"https:\/\/www.lepicerieduphare.fr\/accueil\/wp-json\/wp\/v2\/product\/18162","targetHints":{"allow":["GET"]}}],"collection":[{"href":"https:\/\/www.lepicerieduphare.fr\/accueil\/wp-json\/wp\/v2\/product"}],"about":[{"href":"https:\/\/www.lepicerieduphare.fr\/accueil\/wp-json\/wp\/v2\/types\/product"}],"version-history":[{"count":1,"href":"https:\/\/www.lepicerieduphare.fr\/accueil\/wp-json\/wp\/v2\/product\/18162\/revisions"}],"predecessor-version":[{"id":20216,"href":"https:\/\/www.lepicerieduphare.fr\/accueil\/wp-json\/wp\/v2\/product\/18162\/revisions\/20216"}],"wp:featuredmedia":[{"embeddable":true,"href":"https:\/\/www.lepicerieduphare.fr\/accueil\/wp-json\/wp\/v2\/media\/18163"}],"wp:attachment":[{"href":"https:\/\/www.lepicerieduphare.fr\/accueil\/wp-json\/wp\/v2\/media?parent=18162"}],"wp:term":[{"taxonomy":"product_brand","embeddable":true,"href":"https:\/\/www.lepicerieduphare.fr\/accueil\/wp-json\/wp\/v2\/product_brand?post=18162"},{"taxonomy":"product_cat","embeddable":true,"href":"https:\/\/www.lepicerieduphare.fr\/accueil\/wp-json\/wp\/v2\/product_cat?post=18162"},{"taxonomy":"product_tag","embeddable":true,"href":"https:\/\/www.lepicerieduphare.fr\/accueil\/wp-json\/wp\/v2\/product_tag?post=18162"}],"curies":[{"name":"wp","href":"https:\/\/api.w.org\/{rel}","templated":true}]}}